{"id":1559,"date":"2019-11-01T13:46:27","date_gmt":"2019-11-01T12:46:27","guid":{"rendered":"https:\/\/samkankook.com\/about\/"},"modified":"2020-02-13T16:03:12","modified_gmt":"2020-02-13T15:03:12","slug":"dayepouyonn","status":"publish","type":"page","link":"https:\/\/www.samkankook.com\/gp\/dayepouyonn\/","title":{"rendered":"Day\u00e8pouyonn"},"content":{"rendered":"\n<div class=\"wp-block-columns is-layout-flex wp-container-core-columns-is-layout-9d6595d7 wp-block-columns-is-layout-flex\">\n<div class=\"wp-block-column is-layout-flow wp-block-column-is-layout-flow\">\n<p>S\u00e9 adan on bannzil kr\u00e9y\u00f2l si tilil\u00e8t Gwadloup Sam konprann li \u00e9 kwuizin t\u00e9 k\u00e9 f\u00e8 yonn. Otila s\u00e9 \u00e9pi L\u00e9gran Man an tan a jenn tisam i aprann tout asi manj\u00e9 lokal, d\u00e9lis d\u00e9zil.<\/p>\n\n\n\n<figure class=\"wp-block-image size-large\"><img data-recalc-dims=\"1\" loading=\"lazy\" decoding=\"async\" width=\"620\" height=\"311\" data-attachment-id=\"1626\" data-permalink=\"https:\/\/www.samkankook.com\/gp\/dayepouyonn\/carte_final\/\" data-orig-file=\"https:\/\/i0.wp.com\/www.samkankook.com\/wp-content\/uploads\/2020\/02\/carte_final.jpg?fit=1043%2C524&amp;ssl=1\" data-orig-size=\"1043,524\" data-comments-opened=\"0\" data-image-meta=\"{&quot;aperture&quot;:&quot;0&quot;,&quot;credit&quot;:&quot;&quot;,&quot;camera&quot;:&quot;&quot;,&quot;caption&quot;:&quot;&quot;,&quot;created_timestamp&quot;:&quot;1579212992&quot;,&quot;copyright&quot;:&quot;&quot;,&quot;focal_length&quot;:&quot;0&quot;,&quot;iso&quot;:&quot;0&quot;,&quot;shutter_speed&quot;:&quot;0&quot;,&quot;title&quot;:&quot;&quot;,&quot;orientation&quot;:&quot;1&quot;}\" data-image-title=\"carte_final\" data-image-description=\"\" data-image-caption=\"\" data-medium-file=\"https:\/\/i0.wp.com\/www.samkankook.com\/wp-content\/uploads\/2020\/02\/carte_final.jpg?fit=300%2C151&amp;ssl=1\" data-large-file=\"https:\/\/i0.wp.com\/www.samkankook.com\/wp-content\/uploads\/2020\/02\/carte_final.jpg?fit=620%2C311&amp;ssl=1\" src=\"https:\/\/i0.wp.com\/samkankook.com\/wp-content\/uploads\/2020\/02\/carte_final-1024x514.jpg?resize=620%2C311&#038;ssl=1\" alt=\"\" class=\"wp-image-1626\" srcset=\"https:\/\/i0.wp.com\/www.samkankook.com\/wp-content\/uploads\/2020\/02\/carte_final.jpg?resize=1024%2C514&amp;ssl=1 1024w, https:\/\/i0.wp.com\/www.samkankook.com\/wp-content\/uploads\/2020\/02\/carte_final.jpg?resize=300%2C151&amp;ssl=1 300w, https:\/\/i0.wp.com\/www.samkankook.com\/wp-content\/uploads\/2020\/02\/carte_final.jpg?resize=768%2C386&amp;ssl=1 768w, https:\/\/i0.wp.com\/www.samkankook.com\/wp-content\/uploads\/2020\/02\/carte_final.jpg?resize=199%2C100&amp;ssl=1 199w, https:\/\/i0.wp.com\/www.samkankook.com\/wp-content\/uploads\/2020\/02\/carte_final.jpg?w=1043&amp;ssl=1 1043w\" sizes=\"auto, (max-width: 620px) 100vw, 620px\" \/><\/figure>\n\n\n\n<p> D\u00e8pi n\u00e8f lann\u00e9 Sanmiy\u00e8l ka r\u00e9t\u00e9 Lond, I vwayaj\u00e9 toub\u00f2lman asi lakat, pou travay a-y kon pou pl\u00e9zi, Otila i kontr\u00e9 tout jan a manj\u00e9 \u00e9 kilti. Tout s\u00e9 vwayaj lasa&nbsp; enki ba-y balan pou-y sa &nbsp;f\u00e8&nbsp; manj\u00e9.<\/p>\n\n\n\n<p>L\u00e8 I komans\u00e9, i t\u00e9 ka f\u00e8 manj\u00e9 enki pou f\u00e8 ky\u00e8 a-y pl\u00e9zi. S\u00e9 lenb\u00e9 a p\u00e9yi a-y ki ba-y gou wouf\u00e8 manj\u00e9 a manman-y \u00e9 gran anman-y , s\u00e8lman i toujou m\u00e8t grenn s\u00e8l a-y. \u00e9 piti a piti ,chak vwayaj&nbsp; l\u00e9s\u00e9 mak a-y asi tout pla a tradisyon pou ba-y pw\u00f2p istil a kwuizin a-y , on migan\u2019naj \u00e9pi manj\u00e9 karib \u201ca Caribbean fusion\u201d.<\/p>\n<\/div>\n\n\n\n<div class=\"wp-block-column is-layout-flow wp-block-column-is-layout-flow\">\n<p>P\u00f2t\u00e9 pa balan a fanmi \u00e9 zanmi, i fin pa kout\u00e9 ky\u00e8 a-y pou f\u00e8 sa nou konn\u00e8t kon  <strong>Samkankook<\/strong>  apr\u00e9zan.<\/p>\n\n\n\n<p>R\u00e8v annou s\u00e9 t\u00e9 touv\u00e9 m\u00e9y\u00e8 liannaj-la pou senti rich\u00e8s a patrimw\u00e0n karib\u00e9yen, on f\u00e8stival gran gou ba p\u00e9yi Samiy\u00e8l. S\u00e9 ba travay a manman-y kon ta grananman-y sam vl\u00e9 montr\u00e9 toupatou \u00e9 ba tout moun f\u00f2s a kyuizin karib\u00e9y\u00e8n.<\/p>\n\n\n\n<figure class=\"wp-block-image size-large\"><img data-recalc-dims=\"1\" loading=\"lazy\" decoding=\"async\" width=\"620\" height=\"705\" src=\"https:\/\/i0.wp.com\/samkankook.com\/wp-content\/uploads\/2019\/12\/antilles.jpg?resize=620%2C705&#038;ssl=1\" alt=\"\" class=\"wp-image-1539\" srcset=\"https:\/\/i0.wp.com\/www.samkankook.com\/wp-content\/uploads\/2019\/12\/antilles.jpg?w=864&amp;ssl=1 864w, https:\/\/i0.wp.com\/www.samkankook.com\/wp-content\/uploads\/2019\/12\/antilles.jpg?resize=264%2C300&amp;ssl=1 264w, https:\/\/i0.wp.com\/www.samkankook.com\/wp-content\/uploads\/2019\/12\/antilles.jpg?resize=768%2C873&amp;ssl=1 768w, https:\/\/i0.wp.com\/www.samkankook.com\/wp-content\/uploads\/2019\/12\/antilles.jpg?resize=88%2C100&amp;ssl=1 88w\" sizes=\"auto, (max-width: 620px) 100vw, 620px\" \/><\/figure>\n\n\n\n<p class=\"has-text-align-left\"><strong>Samkankook<\/strong> s\u00e9&nbsp;on kol\u00e8ktif moun ka chawbonn\u00e9 pou ba z\u00f2t on bon manj\u00e9&nbsp; yo f\u00e8 pa pw\u00f2p men a yo pou menn\u00e9 r\u00e8storan-la&nbsp; dir\u00e8kt\u00e8man a kaz a z\u00f2t, a la chopin b\u00e8l\u00e8.<\/p>\n<\/div>\n<\/div>\n","protected":false},"excerpt":{"rendered":"<p>S\u00e9 adan on bannzil kr\u00e9y\u00f2l si tilil\u00e8t Gwadloup Sam konprann li \u00e9 kwuizin t\u00e9 k\u00e9 f\u00e8 yonn. Otila s\u00e9 \u00e9pi L\u00e9gran Man an tan a jenn tisam i aprann tout asi manj\u00e9 lokal, d\u00e9lis d\u00e9zil. D\u00e8pi n\u00e8f lann\u00e9 Sanmiy\u00e8l ka r\u00e9t\u00e9 Lond, I vwayaj\u00e9 toub\u00f2lman asi lakat, pou travay a-y kon pou pl\u00e9zi, Otila i [&hellip;]<\/p>\n","protected":false},"author":344,"featured_media":1687,"parent":0,"menu_order":0,"comment_status":"closed","ping_status":"closed","template":"","meta":{"_acf_changed":false,"footnotes":""},"class_list":["post-1559","page","type-page","status-publish","has-post-thumbnail","hentry"],"acf":[],"yoast_head":"<!-- This site is optimized with the Yoast SEO plugin v24.8.1 - https:\/\/yoast.com\/wordpress\/plugins\/seo\/ -->\n<title>Day\u00e8pouyonn | SamKanKook, private chef - Caribbean fusion cuisine<\/title>\n<meta name=\"description\" content=\"SamKanKook is a collective of people who aim to bring you a home cooked meal with a creative, fine dining experience.\" \/>\n<meta name=\"robots\" content=\"index, follow, max-snippet:-1, max-image-preview:large, max-video-preview:-1\" \/>\n<link rel=\"canonical\" href=\"https:\/\/www.samkankook.com\/gp\/dayepouyonn\/\" \/>\n<meta property=\"og:locale\" content=\"en_US\" \/>\n<meta property=\"og:type\" content=\"article\" \/>\n<meta property=\"og:title\" content=\"Day\u00e8pouyonn | SamKanKook, private chef - Caribbean fusion cuisine\" \/>\n<meta property=\"og:description\" content=\"SamKanKook is a collective of people who aim to bring you a home cooked meal with a creative, fine dining experience.\" \/>\n<meta property=\"og:url\" content=\"https:\/\/www.samkankook.com\/gp\/dayepouyonn\/\" \/>\n<meta property=\"og:site_name\" content=\"SamKanKook\" \/>\n<meta property=\"article:publisher\" content=\"http:\/\/www.facebook.com\/samkankook1\" \/>\n<meta property=\"article:modified_time\" content=\"2020-02-13T15:03:12+00:00\" \/>\n<meta property=\"og:image\" content=\"https:\/\/samkankook.com\/wp-content\/uploads\/2020\/02\/about.jpg\" \/>\n\t<meta property=\"og:image:width\" content=\"1500\" \/>\n\t<meta property=\"og:image:height\" content=\"501\" \/>\n\t<meta property=\"og:image:type\" content=\"image\/jpeg\" \/>\n<meta name=\"twitter:card\" content=\"summary_large_image\" \/>\n<meta name=\"twitter:label1\" content=\"Est. reading time\" \/>\n\t<meta name=\"twitter:data1\" content=\"1 minute\" \/>\n<script type=\"application\/ld+json\" class=\"yoast-schema-graph\">{\"@context\":\"https:\/\/schema.org\",\"@graph\":[{\"@type\":\"WebPage\",\"@id\":\"https:\/\/www.samkankook.com\/gp\/dayepouyonn\/\",\"url\":\"https:\/\/www.samkankook.com\/gp\/dayepouyonn\/\",\"name\":\"Day\u00e8pouyonn | SamKanKook, private chef - Caribbean fusion cuisine\",\"isPartOf\":{\"@id\":\"https:\/\/www.samkankook.com\/gp\/#website\"},\"primaryImageOfPage\":{\"@id\":\"https:\/\/www.samkankook.com\/gp\/dayepouyonn\/#primaryimage\"},\"image\":{\"@id\":\"https:\/\/www.samkankook.com\/gp\/dayepouyonn\/#primaryimage\"},\"thumbnailUrl\":\"https:\/\/i0.wp.com\/www.samkankook.com\/wp-content\/uploads\/2020\/02\/about.jpg?fit=1500%2C501&ssl=1\",\"datePublished\":\"2019-11-01T12:46:27+00:00\",\"dateModified\":\"2020-02-13T15:03:12+00:00\",\"description\":\"SamKanKook is a collective of people who aim to bring you a home cooked meal with a creative, fine dining experience.\",\"breadcrumb\":{\"@id\":\"https:\/\/www.samkankook.com\/gp\/dayepouyonn\/#breadcrumb\"},\"inLanguage\":\"gp-GP\",\"potentialAction\":[{\"@type\":\"ReadAction\",\"target\":[\"https:\/\/www.samkankook.com\/gp\/dayepouyonn\/\"]}]},{\"@type\":\"ImageObject\",\"inLanguage\":\"gp-GP\",\"@id\":\"https:\/\/www.samkankook.com\/gp\/dayepouyonn\/#primaryimage\",\"url\":\"https:\/\/i0.wp.com\/www.samkankook.com\/wp-content\/uploads\/2020\/02\/about.jpg?fit=1500%2C501&ssl=1\",\"contentUrl\":\"https:\/\/i0.wp.com\/www.samkankook.com\/wp-content\/uploads\/2020\/02\/about.jpg?fit=1500%2C501&ssl=1\",\"width\":1500,\"height\":501},{\"@type\":\"BreadcrumbList\",\"@id\":\"https:\/\/www.samkankook.com\/gp\/dayepouyonn\/#breadcrumb\",\"itemListElement\":[{\"@type\":\"ListItem\",\"position\":1,\"name\":\"Home\",\"item\":\"https:\/\/www.samkankook.com\/gp\/home\/\"},{\"@type\":\"ListItem\",\"position\":2,\"name\":\"Day\u00e8pouyonn\"}]},{\"@type\":\"WebSite\",\"@id\":\"https:\/\/www.samkankook.com\/gp\/#website\",\"url\":\"https:\/\/www.samkankook.com\/gp\/\",\"name\":\"SamKanKook, Private Chef - Caribbean Fusion Cuisine\",\"description\":\"SamKanKook: Private Chef offering fine tailor-made fusion cuisine experience encapsulating the rich heritage of the Caribbean\",\"publisher\":{\"@id\":\"https:\/\/www.samkankook.com\/gp\/#organization\"},\"potentialAction\":[{\"@type\":\"SearchAction\",\"target\":{\"@type\":\"EntryPoint\",\"urlTemplate\":\"https:\/\/www.samkankook.com\/gp\/?s={search_term_string}\"},\"query-input\":{\"@type\":\"PropertyValueSpecification\",\"valueRequired\":true,\"valueName\":\"search_term_string\"}}],\"inLanguage\":\"gp-GP\"},{\"@type\":\"Organization\",\"@id\":\"https:\/\/www.samkankook.com\/gp\/#organization\",\"name\":\"SamKanKook\",\"url\":\"https:\/\/www.samkankook.com\/gp\/\",\"logo\":{\"@type\":\"ImageObject\",\"inLanguage\":\"gp-GP\",\"@id\":\"https:\/\/www.samkankook.com\/gp\/#\/schema\/logo\/image\/\",\"url\":\"https:\/\/i0.wp.com\/samkankook.com\/wp-content\/uploads\/2019\/12\/logo-skk.jpg?fit=2363%2C2364&ssl=1\",\"contentUrl\":\"https:\/\/i0.wp.com\/samkankook.com\/wp-content\/uploads\/2019\/12\/logo-skk.jpg?fit=2363%2C2364&ssl=1\",\"width\":2363,\"height\":2364,\"caption\":\"SamKanKook\"},\"image\":{\"@id\":\"https:\/\/www.samkankook.com\/gp\/#\/schema\/logo\/image\/\"},\"sameAs\":[\"http:\/\/www.facebook.com\/samkankook1\",\"http:\/\/www.instagram.com\/samkankook\"]}]}<\/script>\n<!-- \/ Yoast SEO plugin. -->","yoast_head_json":{"title":"Day\u00e8pouyonn | SamKanKook, private chef - Caribbean fusion cuisine","description":"SamKanKook is a collective of people who aim to bring you a home cooked meal with a creative, fine dining experience.","robots":{"index":"index","follow":"follow","max-snippet":"max-snippet:-1","max-image-preview":"max-image-preview:large","max-video-preview":"max-video-preview:-1"},"canonical":"https:\/\/www.samkankook.com\/gp\/dayepouyonn\/","og_locale":"en_US","og_type":"article","og_title":"Day\u00e8pouyonn | SamKanKook, private chef - Caribbean fusion cuisine","og_description":"SamKanKook is a collective of people who aim to bring you a home cooked meal with a creative, fine dining experience.","og_url":"https:\/\/www.samkankook.com\/gp\/dayepouyonn\/","og_site_name":"SamKanKook","article_publisher":"http:\/\/www.facebook.com\/samkankook1","article_modified_time":"2020-02-13T15:03:12+00:00","og_image":[{"width":1500,"height":501,"url":"https:\/\/samkankook.com\/wp-content\/uploads\/2020\/02\/about.jpg","type":"image\/jpeg"}],"twitter_card":"summary_large_image","twitter_misc":{"Est. reading time":"1 minute"},"schema":{"@context":"https:\/\/schema.org","@graph":[{"@type":"WebPage","@id":"https:\/\/www.samkankook.com\/gp\/dayepouyonn\/","url":"https:\/\/www.samkankook.com\/gp\/dayepouyonn\/","name":"Day\u00e8pouyonn | SamKanKook, private chef - Caribbean fusion cuisine","isPartOf":{"@id":"https:\/\/www.samkankook.com\/gp\/#website"},"primaryImageOfPage":{"@id":"https:\/\/www.samkankook.com\/gp\/dayepouyonn\/#primaryimage"},"image":{"@id":"https:\/\/www.samkankook.com\/gp\/dayepouyonn\/#primaryimage"},"thumbnailUrl":"https:\/\/i0.wp.com\/www.samkankook.com\/wp-content\/uploads\/2020\/02\/about.jpg?fit=1500%2C501&ssl=1","datePublished":"2019-11-01T12:46:27+00:00","dateModified":"2020-02-13T15:03:12+00:00","description":"SamKanKook is a collective of people who aim to bring you a home cooked meal with a creative, fine dining experience.","breadcrumb":{"@id":"https:\/\/www.samkankook.com\/gp\/dayepouyonn\/#breadcrumb"},"inLanguage":"gp-GP","potentialAction":[{"@type":"ReadAction","target":["https:\/\/www.samkankook.com\/gp\/dayepouyonn\/"]}]},{"@type":"ImageObject","inLanguage":"gp-GP","@id":"https:\/\/www.samkankook.com\/gp\/dayepouyonn\/#primaryimage","url":"https:\/\/i0.wp.com\/www.samkankook.com\/wp-content\/uploads\/2020\/02\/about.jpg?fit=1500%2C501&ssl=1","contentUrl":"https:\/\/i0.wp.com\/www.samkankook.com\/wp-content\/uploads\/2020\/02\/about.jpg?fit=1500%2C501&ssl=1","width":1500,"height":501},{"@type":"BreadcrumbList","@id":"https:\/\/www.samkankook.com\/gp\/dayepouyonn\/#breadcrumb","itemListElement":[{"@type":"ListItem","position":1,"name":"Home","item":"https:\/\/www.samkankook.com\/gp\/home\/"},{"@type":"ListItem","position":2,"name":"Day\u00e8pouyonn"}]},{"@type":"WebSite","@id":"https:\/\/www.samkankook.com\/gp\/#website","url":"https:\/\/www.samkankook.com\/gp\/","name":"SamKanKook, Private Chef - Caribbean Fusion Cuisine","description":"SamKanKook: Private Chef offering fine tailor-made fusion cuisine experience encapsulating the rich heritage of the Caribbean","publisher":{"@id":"https:\/\/www.samkankook.com\/gp\/#organization"},"potentialAction":[{"@type":"SearchAction","target":{"@type":"EntryPoint","urlTemplate":"https:\/\/www.samkankook.com\/gp\/?s={search_term_string}"},"query-input":{"@type":"PropertyValueSpecification","valueRequired":true,"valueName":"search_term_string"}}],"inLanguage":"gp-GP"},{"@type":"Organization","@id":"https:\/\/www.samkankook.com\/gp\/#organization","name":"SamKanKook","url":"https:\/\/www.samkankook.com\/gp\/","logo":{"@type":"ImageObject","inLanguage":"gp-GP","@id":"https:\/\/www.samkankook.com\/gp\/#\/schema\/logo\/image\/","url":"https:\/\/i0.wp.com\/samkankook.com\/wp-content\/uploads\/2019\/12\/logo-skk.jpg?fit=2363%2C2364&ssl=1","contentUrl":"https:\/\/i0.wp.com\/samkankook.com\/wp-content\/uploads\/2019\/12\/logo-skk.jpg?fit=2363%2C2364&ssl=1","width":2363,"height":2364,"caption":"SamKanKook"},"image":{"@id":"https:\/\/www.samkankook.com\/gp\/#\/schema\/logo\/image\/"},"sameAs":["http:\/\/www.facebook.com\/samkankook1","http:\/\/www.instagram.com\/samkankook"]}]}},"jetpack_sharing_enabled":true,"_links":{"self":[{"href":"https:\/\/www.samkankook.com\/gp\/wp-json\/wp\/v2\/pages\/1559","targetHints":{"allow":["GET"]}}],"collection":[{"href":"https:\/\/www.samkankook.com\/gp\/wp-json\/wp\/v2\/pages"}],"about":[{"href":"https:\/\/www.samkankook.com\/gp\/wp-json\/wp\/v2\/types\/page"}],"author":[{"embeddable":true,"href":"https:\/\/www.samkankook.com\/gp\/wp-json\/wp\/v2\/users\/344"}],"replies":[{"embeddable":true,"href":"https:\/\/www.samkankook.com\/gp\/wp-json\/wp\/v2\/comments?post=1559"}],"version-history":[{"count":9,"href":"https:\/\/www.samkankook.com\/gp\/wp-json\/wp\/v2\/pages\/1559\/revisions"}],"predecessor-version":[{"id":1692,"href":"https:\/\/www.samkankook.com\/gp\/wp-json\/wp\/v2\/pages\/1559\/revisions\/1692"}],"wp:featuredmedia":[{"embeddable":true,"href":"https:\/\/www.samkankook.com\/gp\/wp-json\/wp\/v2\/media\/1687"}],"wp:attachment":[{"href":"https:\/\/www.samkankook.com\/gp\/wp-json\/wp\/v2\/media?parent=1559"}],"curies":[{"name":"wp","href":"https:\/\/api.w.org\/{rel}","templated":true}]}}